{"id":7152,"date":"2026-01-08T14:58:33","date_gmt":"2026-01-08T13:58:33","guid":{"rendered":"https:\/\/www.reduxi.eu\/?page_id=7152"},"modified":"2026-01-08T14:58:33","modified_gmt":"2026-01-08T13:58:33","slug":"gea-maltatalweg","status":"publish","type":"page","link":"https:\/\/www.reduxi.eu\/es\/gea-maltatalweg\/","title":{"rendered":"GEA Maltatalweg"},"content":{"rendered":"<div class=\"fusion-fullwidth fullwidth-box fusion-builder-row-1 fusion-flex-container nonhundred-percent-fullwidth non-hundred-percent-height-scrolling\" style=\"--awb-border-radius-top-left:0px;--awb-border-radius-top-right:0px;--awb-border-radius-bottom-right:0px;--awb-border-radius-bottom-left:0px;--awb-flex-wrap:wrap;\" ><div class=\"fusion-builder-row fusion-row fusion-flex-align-items-flex-start fusion-flex-content-wrap\" style=\"max-width:calc( 1200px + 0px );margin-left: calc(-0px \/ 2 );margin-right: calc(-0px \/ 2 );\"><div class=\"fusion-layout-column fusion_builder_column fusion-builder-column-0 fusion_builder_column_1_1 1_1 fusion-flex-column\" style=\"--awb-bg-size:cover;--awb-width-large:100%;--awb-margin-top-large:0px;--awb-spacing-right-large:0px;--awb-margin-bottom-large:0px;--awb-spacing-left-large:0px;--awb-width-medium:100%;--awb-order-medium:0;--awb-spacing-right-medium:0px;--awb-spacing-left-medium:0px;--awb-width-small:100%;--awb-order-small:0;--awb-spacing-right-small:0px;--awb-spacing-left-small:0px;\"><div class=\"fusion-column-wrapper fusion-column-has-shadow fusion-flex-justify-content-flex-start fusion-content-layout-column\"><div class=\"fusion-text fusion-text-1\"><h4>Proyecto piloto realizado con \u00e9xito:<\/h4>\n<h3>REDUXI controla el almacenamiento en bater\u00eda y el sistema fotovoltaico de una instalaci\u00f3n de generaci\u00f3n compartida (GEA) en un edificio plurifamiliar<\/h3>\n<\/div><\/div><\/div><div class=\"fusion-layout-column fusion_builder_column fusion-builder-column-1 fusion_builder_column_1_1 1_1 fusion-flex-column\" style=\"--awb-bg-blend:overlay;--awb-bg-size:cover;--awb-width-large:100%;--awb-margin-top-large:0px;--awb-spacing-right-large:0px;--awb-margin-bottom-large:0px;--awb-spacing-left-large:0px;--awb-width-medium:100%;--awb-spacing-right-medium:0px;--awb-spacing-left-medium:0px;--awb-width-small:100%;--awb-spacing-right-small:0px;--awb-spacing-left-small:0px;\"><div class=\"fusion-column-wrapper fusion-flex-justify-content-flex-start fusion-content-layout-column\"><div class=\"fusion-text fusion-text-2\"><p>El equipo de REDUXI ha completado con \u00e9xito un proyecto piloto con visi\u00f3n de futuro en Maltatalweg, en Carintia. El objetivo era maximizar el autoconsumo en un edificio residencial multifamiliar mediante un control inteligente y, al mismo tiempo, minimizar la inyecci\u00f3n a red, con excelentes resultados.<\/p>\n<\/div><div class=\"fusion-image-element\" style=\"--awb-margin-top:10px;--awb-margin-bottom:10px;--awb-caption-title-font-family:var(--h2_typography-font-family);--awb-caption-title-font-weight:var(--h2_typography-font-weight);--awb-caption-title-font-style:var(--h2_typography-font-style);--awb-caption-title-size:var(--h2_typography-font-size);--awb-caption-title-transform:var(--h2_typography-text-transform);--awb-caption-title-line-height:var(--h2_typography-line-height);--awb-caption-title-letter-spacing:var(--h2_typography-letter-spacing);\"><span class=\"fusion-imageframe imageframe-none imageframe-1 hover-type-none fusion-animated\" data-animationtype=\"fadeInUp\" data-animationduration=\"1.6\" data-animationoffset=\"top-into-view\"><img decoding=\"async\" width=\"1280\" height=\"719\" title=\"1764084781830 (1)\" src=\"https:\/\/www.reduxi.eu\/wp-content\/uploads\/2026\/01\/1764084781830-1.png\" data-orig-src=\"https:\/\/www.reduxi.eu\/wp-content\/uploads\/2026\/01\/1764084781830-1.png\" alt class=\"lazyload img-responsive wp-image-7155\" srcset=\"data:image\/svg+xml,%3Csvg%20xmlns%3D%27http%3A%2F%2Fwww.w3.org%2F2000%2Fsvg%27%20width%3D%271280%27%20height%3D%27719%27%20viewBox%3D%270%200%201280%20719%27%3E%3Crect%20width%3D%271280%27%20height%3D%27719%27%20fill-opacity%3D%220%22%2F%3E%3C%2Fsvg%3E\" data-srcset=\"https:\/\/www.reduxi.eu\/wp-content\/uploads\/2026\/01\/1764084781830-1-200x112.png 200w, https:\/\/www.reduxi.eu\/wp-content\/uploads\/2026\/01\/1764084781830-1-400x225.png 400w, https:\/\/www.reduxi.eu\/wp-content\/uploads\/2026\/01\/1764084781830-1-600x337.png 600w, https:\/\/www.reduxi.eu\/wp-content\/uploads\/2026\/01\/1764084781830-1-800x449.png 800w, https:\/\/www.reduxi.eu\/wp-content\/uploads\/2026\/01\/1764084781830-1-1200x674.png 1200w, https:\/\/www.reduxi.eu\/wp-content\/uploads\/2026\/01\/1764084781830-1.png 1280w\" data-sizes=\"auto\" data-orig-sizes=\"(max-width: 640px) 100vw, 1280px\" \/><\/span><\/div><div class=\"fusion-text fusion-text-3\"><p><span style=\"background-color: rgba(0, 0, 0, 0);\"><b>Objetivos y aplicaci\u00f3n<\/b><\/span><\/p>\n<p>El n\u00facleo del proyecto era el control preciso en tiempo real de dos sistemas h\u00edbridos de almacenamiento en bater\u00edas M-TEC, cada uno con una capacidad de almacenamiento de 30,7 kWh. Se prest\u00f3 especial atenci\u00f3n a la integraci\u00f3n y optimizaci\u00f3n de una instalaci\u00f3n de generaci\u00f3n compartida (GEA).<\/p>\n<p><b>\u00bfQu\u00e9 es un GEA?<\/b><\/p>\n<p>Una instalaci\u00f3n de generaci\u00f3n compartida (Gemeinschaftliche Erzeugungsanlage - GEA) permite que varias unidades de uso -como los apartamentos de un edificio plurifamiliar- utilicen conjuntamente la electricidad generada por un sistema fotovoltaico central. En lugar de simplemente inyectar electricidad a la red, la energ\u00eda se distribuye localmente all\u00ed donde se necesita en ese momento. Esto aumenta significativamente el autoconsumo y reduce la inyecci\u00f3n a la red p\u00fablica.<\/p>\n<p>T\u00e9cnicamente, esto se consigue mediante un sistema central de gesti\u00f3n de la energ\u00eda que recopila datos en tiempo real de los contadores inteligentes del operador de la red para cada unidad individual. Al mismo tiempo, se tiene en cuenta la producci\u00f3n fotovoltaica actual y el estado de carga de las bater\u00edas. El controlador REDUXI analiza esta informaci\u00f3n en tiempo real y controla la distribuci\u00f3n de energ\u00eda con precisi\u00f3n de segundo nivel: primero abastece el consumo directo y luego carga las bater\u00edas.<\/p>\n<p>Las GEA se basan en marcos t\u00e9cnicos y jur\u00eddicos definidos para la red, como el art\u00edculo 16a de la Ley de Industria y Organizaci\u00f3n El\u00e9ctrica de Austria (ElWOG). Un sistema de facturaci\u00f3n metrol\u00f3gico garantiza que cada unidad pague s\u00f3lo por su consumo real. La energ\u00eda sobrante se almacena o se inyecta en la red de forma proporcional.<\/p>\n<\/div><div class=\"fusion-image-element\" style=\"--awb-margin-top:10px;--awb-margin-bottom:10px;--awb-caption-title-font-family:var(--h2_typography-font-family);--awb-caption-title-font-weight:var(--h2_typography-font-weight);--awb-caption-title-font-style:var(--h2_typography-font-style);--awb-caption-title-size:var(--h2_typography-font-size);--awb-caption-title-transform:var(--h2_typography-text-transform);--awb-caption-title-line-height:var(--h2_typography-line-height);--awb-caption-title-letter-spacing:var(--h2_typography-letter-spacing);\"><span class=\"fusion-imageframe imageframe-none imageframe-2 hover-type-none fusion-animated\" data-animationtype=\"fadeIn\" data-animationduration=\"1.6\" data-animationoffset=\"top-into-view\"><img decoding=\"async\" width=\"1129\" height=\"1500\" title=\"1764250715470\" src=\"https:\/\/www.reduxi.eu\/wp-content\/uploads\/2026\/01\/1764250715470.png\" data-orig-src=\"https:\/\/www.reduxi.eu\/wp-content\/uploads\/2026\/01\/1764250715470.png\" alt class=\"lazyload img-responsive wp-image-7156\" srcset=\"data:image\/svg+xml,%3Csvg%20xmlns%3D%27http%3A%2F%2Fwww.w3.org%2F2000%2Fsvg%27%20width%3D%271129%27%20height%3D%271500%27%20viewBox%3D%270%200%201129%201500%27%3E%3Crect%20width%3D%271129%27%20height%3D%271500%27%20fill-opacity%3D%220%22%2F%3E%3C%2Fsvg%3E\" data-srcset=\"https:\/\/www.reduxi.eu\/wp-content\/uploads\/2026\/01\/1764250715470-200x266.png 200w, https:\/\/www.reduxi.eu\/wp-content\/uploads\/2026\/01\/1764250715470-400x531.png 400w, https:\/\/www.reduxi.eu\/wp-content\/uploads\/2026\/01\/1764250715470-600x797.png 600w, https:\/\/www.reduxi.eu\/wp-content\/uploads\/2026\/01\/1764250715470-800x1063.png 800w, https:\/\/www.reduxi.eu\/wp-content\/uploads\/2026\/01\/1764250715470.png 1129w\" data-sizes=\"auto\" data-orig-sizes=\"(max-width: 640px) 100vw, 1129px\" \/><\/span><\/div><div class=\"fusion-text fusion-text-4\"><p><b>Detalles t\u00e9cnicos del sistema de control<\/b><\/p>\n<p>Un elemento clave del proyecto es el procesamiento en tiempo real de los datos de los contadores inteligentes del operador de la red a trav\u00e9s del nuevo Reduxi P1 Ultra. El controlador REDUXI utiliza estos datos para controlar todo el sistema de forma flexible y seg\u00fan la demanda, en funci\u00f3n del consumo, la hora del d\u00eda y la generaci\u00f3n fotovoltaica.<\/p>\n<p>Cabe destacar la descarga nocturna de las bater\u00edas:<\/p>\n<p>\u201cIncluso cuando no hay producci\u00f3n fotovoltaica disponible, el sistema garantiza un suministro justo y eficiente. En este caso, la tasa de autosuficiencia se increment\u00f3 de alrededor de 35 % (solo fotovoltaica) a aproximadamente 70 %, \u00fanicamente mediante la combinaci\u00f3n del almacenamiento en bater\u00edas y la distribuci\u00f3n inteligente dentro de la GEA\u201d, informa con orgullo Johann Lom\u0161ek, CEO de Reduxi DACH GmbH.<\/p>\n<p>La instalaci\u00f3n corri\u00f3 a cargo de ELKOtec Smart Energy GmbH. El Director Gerente Ing. Werner Konrad:<\/p>\n<p>\u201cLa integraci\u00f3n era t\u00e9cnicamente exigente, pero el resultado demuestra lo que ya es posible hoy en d\u00eda. La soluci\u00f3n est\u00e1 preparada para el futuro y es escalable. Para nosotros, como proveedores de soluciones, esto representa otro hito para hacer que los sistemas de almacenamiento en bater\u00edas sean a\u00fan m\u00e1s inteligentes.\u201d<\/p>\n<\/div><div class=\"fusion-image-element\" style=\"--awb-margin-top:10px;--awb-margin-bottom:10px;--awb-caption-title-font-family:var(--h2_typography-font-family);--awb-caption-title-font-weight:var(--h2_typography-font-weight);--awb-caption-title-font-style:var(--h2_typography-font-style);--awb-caption-title-size:var(--h2_typography-font-size);--awb-caption-title-transform:var(--h2_typography-text-transform);--awb-caption-title-line-height:var(--h2_typography-line-height);--awb-caption-title-letter-spacing:var(--h2_typography-letter-spacing);\"><span class=\"fusion-imageframe imageframe-none imageframe-3 hover-type-none fusion-animated\" data-animationtype=\"fadeInLeft\" data-animationduration=\"1.6\" data-animationoffset=\"top-into-view\"><img decoding=\"async\" width=\"1417\" height=\"872\" title=\"1764253737472\" src=\"https:\/\/www.reduxi.eu\/wp-content\/uploads\/2026\/01\/1764253737472.png\" data-orig-src=\"https:\/\/www.reduxi.eu\/wp-content\/uploads\/2026\/01\/1764253737472.png\" alt class=\"lazyload img-responsive wp-image-7157\" srcset=\"data:image\/svg+xml,%3Csvg%20xmlns%3D%27http%3A%2F%2Fwww.w3.org%2F2000%2Fsvg%27%20width%3D%271417%27%20height%3D%27872%27%20viewBox%3D%270%200%201417%20872%27%3E%3Crect%20width%3D%271417%27%20height%3D%27872%27%20fill-opacity%3D%220%22%2F%3E%3C%2Fsvg%3E\" data-srcset=\"https:\/\/www.reduxi.eu\/wp-content\/uploads\/2026\/01\/1764253737472-200x123.png 200w, https:\/\/www.reduxi.eu\/wp-content\/uploads\/2026\/01\/1764253737472-400x246.png 400w, https:\/\/www.reduxi.eu\/wp-content\/uploads\/2026\/01\/1764253737472-600x369.png 600w, https:\/\/www.reduxi.eu\/wp-content\/uploads\/2026\/01\/1764253737472-800x492.png 800w, https:\/\/www.reduxi.eu\/wp-content\/uploads\/2026\/01\/1764253737472-1200x738.png 1200w, https:\/\/www.reduxi.eu\/wp-content\/uploads\/2026\/01\/1764253737472.png 1417w\" data-sizes=\"auto\" data-orig-sizes=\"(max-width: 640px) 100vw, 1417px\" \/><\/span><\/div><div class=\"fusion-text fusion-text-5\"><p><b>Instalaci\u00f3n y participantes en el proyecto<\/b><\/p>\n<p>El controlador REDUXI, junto con las pasarelas y los convertidores, se instal\u00f3 en el armario de control. Los sistemas de bater\u00edas M-TEC y los contadores de electricidad se integraron y conectaron a la supervisi\u00f3n. Adem\u00e1s, se configuraron los contadores inteligentes del operador de la red para la comunicaci\u00f3n de datos a trav\u00e9s de la interfaz P1. Para ello, se utiliz\u00f3 el convertidor Reduxi P1 Ultra, que transfiere sin problemas los datos de los contadores inteligentes al controlador. La asistencia t\u00e9cnica corri\u00f3 a cargo de Alex, del equipo REDUXI DACH.<\/p>\n<p><b>A prueba de futuro gracias al acceso remoto<\/b><\/p>\n<p>A trav\u00e9s de REDUXI Cloud, se dispone de acceso remoto completo al sistema de gesti\u00f3n de la energ\u00eda, independientemente de la ubicaci\u00f3n y en tiempo real. La supervisi\u00f3n, el diagn\u00f3stico de fallos, las actualizaciones de software y los ajustes de configuraci\u00f3n pueden realizarse a distancia en cualquier momento, sin necesidad de t\u00e9cnicos in situ.<\/p>\n<p>Esto no s\u00f3lo ahorra tiempo y costes operativos, sino que tambi\u00e9n mejora significativamente la velocidad de respuesta cuando surgen optimizaciones o problemas. Especialmente para instalaciones m\u00e1s complejas con m\u00faltiples generadores, sistemas de almacenamiento y consumidores, este acceso digital representa una ventaja decisiva, tanto para operadores como para instaladores y residentes.<\/p>\n<p>\u201cLa fuerza de nuestro sistema reside en la optimizaci\u00f3n constante en tiempo real. Reduxi combina la gesti\u00f3n de la energ\u00eda con una capacidad de respuesta inmediata, apoyando a la perfecci\u00f3n tanto a las estructuras de GEA como a las comunidades energ\u00e9ticas, lo que nos sit\u00faa un paso por delante tecnol\u00f3gicamente\u201d, afirma Johann Lom\u0161ek, CEO de Reduxi DACH GmbH.<\/p>\n<\/div><div class=\"fusion-image-element\" style=\"--awb-margin-top:10px;--awb-margin-bottom:10px;--awb-caption-title-font-family:var(--h2_typography-font-family);--awb-caption-title-font-weight:var(--h2_typography-font-weight);--awb-caption-title-font-style:var(--h2_typography-font-style);--awb-caption-title-size:var(--h2_typography-font-size);--awb-caption-title-transform:var(--h2_typography-text-transform);--awb-caption-title-line-height:var(--h2_typography-line-height);--awb-caption-title-letter-spacing:var(--h2_typography-letter-spacing);\"><span class=\"fusion-imageframe imageframe-none imageframe-4 hover-type-none fusion-animated\" data-animationtype=\"fadeInRight\" data-animationduration=\"1.6\" data-animationoffset=\"top-into-view\"><img decoding=\"async\" width=\"1328\" height=\"1000\" title=\"1764250663956\" src=\"https:\/\/www.reduxi.eu\/wp-content\/uploads\/2026\/01\/1764250663956.jpg\" data-orig-src=\"https:\/\/www.reduxi.eu\/wp-content\/uploads\/2026\/01\/1764250663956.jpg\" alt class=\"lazyload img-responsive wp-image-7158\" srcset=\"data:image\/svg+xml,%3Csvg%20xmlns%3D%27http%3A%2F%2Fwww.w3.org%2F2000%2Fsvg%27%20width%3D%271328%27%20height%3D%271000%27%20viewBox%3D%270%200%201328%201000%27%3E%3Crect%20width%3D%271328%27%20height%3D%271000%27%20fill-opacity%3D%220%22%2F%3E%3C%2Fsvg%3E\" data-srcset=\"https:\/\/www.reduxi.eu\/wp-content\/uploads\/2026\/01\/1764250663956-200x151.jpg 200w, https:\/\/www.reduxi.eu\/wp-content\/uploads\/2026\/01\/1764250663956-400x301.jpg 400w, https:\/\/www.reduxi.eu\/wp-content\/uploads\/2026\/01\/1764250663956-600x452.jpg 600w, https:\/\/www.reduxi.eu\/wp-content\/uploads\/2026\/01\/1764250663956-800x602.jpg 800w, https:\/\/www.reduxi.eu\/wp-content\/uploads\/2026\/01\/1764250663956-1200x904.jpg 1200w, https:\/\/www.reduxi.eu\/wp-content\/uploads\/2026\/01\/1764250663956.jpg 1328w\" data-sizes=\"auto\" data-orig-sizes=\"(max-width: 640px) 100vw, 1328px\" \/><\/span><\/div><div class=\"fusion-text fusion-text-6\"><p><span style=\"background-color: rgba(0, 0, 0, 0);\">Este proyecto demuestra c\u00f3mo la electricidad generada conjuntamente puede distribuirse de forma eficiente y equitativa, con un impacto tangible en el autoconsumo, la estabilidad de la red y la independencia del mercado el\u00e9ctrico. La combinaci\u00f3n de GEA, control inteligente y almacenamiento en bater\u00edas hace que los conceptos energ\u00e9ticos modernos en edificios plurifamiliares sean hoy pr\u00e1cticamente viables.<\/span><\/p>\n<\/div><\/div><\/div><\/div><\/div>","protected":false},"excerpt":{"rendered":"","protected":false},"author":15,"featured_media":0,"parent":0,"menu_order":0,"comment_status":"closed","ping_status":"closed","template":"100-width.php","meta":{"footnotes":""},"class_list":["post-7152","page","type-page","status-publish","hentry"],"_links":{"self":[{"href":"https:\/\/www.reduxi.eu\/es\/wp-json\/wp\/v2\/pages\/7152","targetHints":{"allow":["GET"]}}],"collection":[{"href":"https:\/\/www.reduxi.eu\/es\/wp-json\/wp\/v2\/pages"}],"about":[{"href":"https:\/\/www.reduxi.eu\/es\/wp-json\/wp\/v2\/types\/page"}],"author":[{"embeddable":true,"href":"https:\/\/www.reduxi.eu\/es\/wp-json\/wp\/v2\/users\/15"}],"replies":[{"embeddable":true,"href":"https:\/\/www.reduxi.eu\/es\/wp-json\/wp\/v2\/comments?post=7152"}],"version-history":[{"count":4,"href":"https:\/\/www.reduxi.eu\/es\/wp-json\/wp\/v2\/pages\/7152\/revisions"}],"predecessor-version":[{"id":7190,"href":"https:\/\/www.reduxi.eu\/es\/wp-json\/wp\/v2\/pages\/7152\/revisions\/7190"}],"wp:attachment":[{"href":"https:\/\/www.reduxi.eu\/es\/wp-json\/wp\/v2\/media?parent=7152"}],"curies":[{"name":"wp","href":"https:\/\/api.w.org\/{rel}","templated":true}]}}