{"id":788,"date":"2020-06-26T22:19:20","date_gmt":"2020-06-26T22:19:20","guid":{"rendered":"https:\/\/avadawebsites.wpengine.com\/marketing-consultant\/?post_type=avada_faq&#038;p=788"},"modified":"2024-06-14T13:39:00","modified_gmt":"2024-06-14T11:39:00","slug":"mauris-porta-interdum-risus-at-scelerisque-ante-faucibus-porttitor-erat-sit","status":"publish","type":"avada_faq","link":"https:\/\/www.reduxi.eu\/du\/faq-items\/mauris-porta-interdum-risus-at-scelerisque-ante-faucibus-porttitor-erat-sit\/","title":{"rendered":"Wie l\u00e4sst sich Reduxi in die Verm\u00f6gensmessung integrieren?"},"content":{"rendered":"<p>F\u00fcr das Netz stellt Reduxi eine Verbindung zum intelligenten Stromz\u00e4hler (Smart Meter) her, um Daten und Erkenntnisse \u00fcber die Aktivit\u00e4ten auf Netzebene zu sammeln. Jedes Ger\u00e4t hat auch einen Energiez\u00e4hler, der detaillierte Informationen \u00fcber seine Leistung liefert. Wenn der intelligente Z\u00e4hler diese Integration nicht unterst\u00fctzt, k\u00f6nnen wir einen zus\u00e4tzlichen unterst\u00fctzten intelligenten Stromz\u00e4hler verwenden, um eine genaue Messung und \u00dcberwachung zu gew\u00e4hrleisten.<\/p>","protected":false},"excerpt":{"rendered":"<p>For the grid, Reduxi connects to the smart meter to [&#8230;]<\/p>\n","protected":false},"author":1,"featured_media":0,"menu_order":0,"template":"","format":"standard","meta":{"footnotes":""},"faq_category":[],"class_list":["post-788","avada_faq","type-avada_faq","status-publish","format-standard","hentry"],"_links":{"self":[{"href":"https:\/\/www.reduxi.eu\/du\/wp-json\/wp\/v2\/avada_faq\/788","targetHints":{"allow":["GET"]}}],"collection":[{"href":"https:\/\/www.reduxi.eu\/du\/wp-json\/wp\/v2\/avada_faq"}],"about":[{"href":"https:\/\/www.reduxi.eu\/du\/wp-json\/wp\/v2\/types\/avada_faq"}],"author":[{"embeddable":true,"href":"https:\/\/www.reduxi.eu\/du\/wp-json\/wp\/v2\/users\/1"}],"version-history":[{"count":1,"href":"https:\/\/www.reduxi.eu\/du\/wp-json\/wp\/v2\/avada_faq\/788\/revisions"}],"predecessor-version":[{"id":3102,"href":"https:\/\/www.reduxi.eu\/du\/wp-json\/wp\/v2\/avada_faq\/788\/revisions\/3102"}],"wp:attachment":[{"href":"https:\/\/www.reduxi.eu\/du\/wp-json\/wp\/v2\/media?parent=788"}],"wp:term":[{"taxonomy":"faq_category","embeddable":true,"href":"https:\/\/www.reduxi.eu\/du\/wp-json\/wp\/v2\/faq_category?post=788"}],"curies":[{"name":"wp","href":"https:\/\/api.w.org\/{rel}","templated":true}]}}