{"id":788,"date":"2020-06-26T22:19:20","date_gmt":"2020-06-26T22:19:20","guid":{"rendered":"https:\/\/avadawebsites.wpengine.com\/marketing-consultant\/?post_type=avada_faq&#038;p=788"},"modified":"2024-06-14T13:39:00","modified_gmt":"2024-06-14T11:39:00","slug":"mauris-porta-interdum-risus-at-scelerisque-ante-faucibus-porttitor-erat-sit","status":"publish","type":"avada_faq","link":"https:\/\/www.reduxi.eu\/da\/faq-items\/mauris-porta-interdum-risus-at-scelerisque-ante-faucibus-porttitor-erat-sit\/","title":{"rendered":"Hvordan integreres Reduxi med m\u00e5ling af aktiver?"},"content":{"rendered":"<p>Til nettet forbinder Reduxi sig til den intelligente m\u00e5ler for at indsamle data og indsigt i aktiviteter p\u00e5 netniveau. Hver enhed har ogs\u00e5 en energim\u00e5ler, der giver detaljerede oplysninger om dens ydeevne. Hvis den intelligente m\u00e5ler ikke underst\u00f8tter denne integration, kan vi bruge en ekstra underst\u00f8ttet intelligent elm\u00e5ler for at sikre n\u00f8jagtig m\u00e5ling og overv\u00e5gning.<\/p>","protected":false},"excerpt":{"rendered":"<p>For the grid, Reduxi connects to the smart meter to [&#8230;]<\/p>\n","protected":false},"author":1,"featured_media":0,"menu_order":0,"template":"","format":"standard","meta":{"footnotes":""},"faq_category":[],"class_list":["post-788","avada_faq","type-avada_faq","status-publish","format-standard","hentry"],"_links":{"self":[{"href":"https:\/\/www.reduxi.eu\/da\/wp-json\/wp\/v2\/avada_faq\/788","targetHints":{"allow":["GET"]}}],"collection":[{"href":"https:\/\/www.reduxi.eu\/da\/wp-json\/wp\/v2\/avada_faq"}],"about":[{"href":"https:\/\/www.reduxi.eu\/da\/wp-json\/wp\/v2\/types\/avada_faq"}],"author":[{"embeddable":true,"href":"https:\/\/www.reduxi.eu\/da\/wp-json\/wp\/v2\/users\/1"}],"version-history":[{"count":1,"href":"https:\/\/www.reduxi.eu\/da\/wp-json\/wp\/v2\/avada_faq\/788\/revisions"}],"predecessor-version":[{"id":3102,"href":"https:\/\/www.reduxi.eu\/da\/wp-json\/wp\/v2\/avada_faq\/788\/revisions\/3102"}],"wp:attachment":[{"href":"https:\/\/www.reduxi.eu\/da\/wp-json\/wp\/v2\/media?parent=788"}],"wp:term":[{"taxonomy":"faq_category","embeddable":true,"href":"https:\/\/www.reduxi.eu\/da\/wp-json\/wp\/v2\/faq_category?post=788"}],"curies":[{"name":"wp","href":"https:\/\/api.w.org\/{rel}","templated":true}]}}