{"id":7152,"date":"2026-01-08T14:58:33","date_gmt":"2026-01-08T13:58:33","guid":{"rendered":"https:\/\/www.reduxi.eu\/?page_id=7152"},"modified":"2026-01-08T14:58:33","modified_gmt":"2026-01-08T13:58:33","slug":"gea-maltatalweg","status":"publish","type":"page","link":"https:\/\/www.reduxi.eu\/cs\/gea-maltatalweg\/","title":{"rendered":"GEA Maltatalweg"},"content":{"rendered":"<div class=\"fusion-fullwidth fullwidth-box fusion-builder-row-1 fusion-flex-container nonhundred-percent-fullwidth non-hundred-percent-height-scrolling\" style=\"--awb-border-radius-top-left:0px;--awb-border-radius-top-right:0px;--awb-border-radius-bottom-right:0px;--awb-border-radius-bottom-left:0px;--awb-flex-wrap:wrap;\" ><div class=\"fusion-builder-row fusion-row fusion-flex-align-items-flex-start fusion-flex-content-wrap\" style=\"max-width:calc( 1200px + 0px );margin-left: calc(-0px \/ 2 );margin-right: calc(-0px \/ 2 );\"><div class=\"fusion-layout-column fusion_builder_column fusion-builder-column-0 fusion_builder_column_1_1 1_1 fusion-flex-column\" style=\"--awb-bg-size:cover;--awb-width-large:100%;--awb-margin-top-large:0px;--awb-spacing-right-large:0px;--awb-margin-bottom-large:0px;--awb-spacing-left-large:0px;--awb-width-medium:100%;--awb-order-medium:0;--awb-spacing-right-medium:0px;--awb-spacing-left-medium:0px;--awb-width-small:100%;--awb-order-small:0;--awb-spacing-right-small:0px;--awb-spacing-left-small:0px;\"><div class=\"fusion-column-wrapper fusion-column-has-shadow fusion-flex-justify-content-flex-start fusion-content-layout-column\"><div class=\"fusion-text fusion-text-1\"><h4>\u00dasp\u011b\u0161n\u011b realizovan\u00fd pilotn\u00ed projekt:<\/h4>\n<h3>REDUXI \u0159\u00edd\u00ed bateriov\u00e9 \u00falo\u017ei\u0161t\u011b a fotovoltaick\u00fd syst\u00e9m sd\u00edlen\u00e9ho v\u00fdrobn\u00edho za\u0159\u00edzen\u00ed (GEA) v budov\u011b s v\u00edce rodinami<\/h3>\n<\/div><\/div><\/div><div class=\"fusion-layout-column fusion_builder_column fusion-builder-column-1 fusion_builder_column_1_1 1_1 fusion-flex-column\" style=\"--awb-bg-blend:overlay;--awb-bg-size:cover;--awb-width-large:100%;--awb-margin-top-large:0px;--awb-spacing-right-large:0px;--awb-margin-bottom-large:0px;--awb-spacing-left-large:0px;--awb-width-medium:100%;--awb-spacing-right-medium:0px;--awb-spacing-left-medium:0px;--awb-width-small:100%;--awb-spacing-right-small:0px;--awb-spacing-left-small:0px;\"><div class=\"fusion-column-wrapper fusion-flex-justify-content-flex-start fusion-content-layout-column\"><div class=\"fusion-text fusion-text-2\"><p>T\u00fdm REDUXI \u00fasp\u011b\u0161n\u011b dokon\u010dil perspektivn\u00ed pilotn\u00ed projekt v Maltatalweg v Korutanech. C\u00edlem bylo maximalizovat vlastn\u00ed spot\u0159ebu v r\u00e1mci obytn\u00e9 budovy pro v\u00edce rodin prost\u0159ednictv\u00edm inteligentn\u00edho \u0159\u00edzen\u00ed a sou\u010dasn\u011b minimalizovat dod\u00e1vky do s\u00edt\u011b - s vynikaj\u00edc\u00edmi v\u00fdsledky.<\/p>\n<\/div><div class=\"fusion-image-element\" style=\"--awb-margin-top:10px;--awb-margin-bottom:10px;--awb-caption-title-font-family:var(--h2_typography-font-family);--awb-caption-title-font-weight:var(--h2_typography-font-weight);--awb-caption-title-font-style:var(--h2_typography-font-style);--awb-caption-title-size:var(--h2_typography-font-size);--awb-caption-title-transform:var(--h2_typography-text-transform);--awb-caption-title-line-height:var(--h2_typography-line-height);--awb-caption-title-letter-spacing:var(--h2_typography-letter-spacing);\"><span class=\"fusion-imageframe imageframe-none imageframe-1 hover-type-none fusion-animated\" data-animationtype=\"fadeInUp\" data-animationduration=\"1.6\" data-animationoffset=\"top-into-view\"><img decoding=\"async\" width=\"1280\" height=\"719\" title=\"1764084781830 (1)\" src=\"https:\/\/www.reduxi.eu\/wp-content\/uploads\/2026\/01\/1764084781830-1.png\" data-orig-src=\"https:\/\/www.reduxi.eu\/wp-content\/uploads\/2026\/01\/1764084781830-1.png\" alt class=\"lazyload img-responsive wp-image-7155\" srcset=\"data:image\/svg+xml,%3Csvg%20xmlns%3D%27http%3A%2F%2Fwww.w3.org%2F2000%2Fsvg%27%20width%3D%271280%27%20height%3D%27719%27%20viewBox%3D%270%200%201280%20719%27%3E%3Crect%20width%3D%271280%27%20height%3D%27719%27%20fill-opacity%3D%220%22%2F%3E%3C%2Fsvg%3E\" data-srcset=\"https:\/\/www.reduxi.eu\/wp-content\/uploads\/2026\/01\/1764084781830-1-200x112.png 200w, https:\/\/www.reduxi.eu\/wp-content\/uploads\/2026\/01\/1764084781830-1-400x225.png 400w, https:\/\/www.reduxi.eu\/wp-content\/uploads\/2026\/01\/1764084781830-1-600x337.png 600w, https:\/\/www.reduxi.eu\/wp-content\/uploads\/2026\/01\/1764084781830-1-800x449.png 800w, https:\/\/www.reduxi.eu\/wp-content\/uploads\/2026\/01\/1764084781830-1-1200x674.png 1200w, https:\/\/www.reduxi.eu\/wp-content\/uploads\/2026\/01\/1764084781830-1.png 1280w\" data-sizes=\"auto\" data-orig-sizes=\"(max-width: 640px) 100vw, 1280px\" \/><\/span><\/div><div class=\"fusion-text fusion-text-3\"><p><span style=\"background-color: rgba(0, 0, 0, 0);\"><b>C\u00edle a prov\u00e1d\u011bn\u00ed<\/b><\/span><\/p>\n<p>J\u00e1drem projektu bylo p\u0159esn\u00e9 \u0159\u00edzen\u00ed dvou hybridn\u00edch bateriov\u00fdch \u00falo\u017en\u00fdch syst\u00e9m\u016f M-TEC v re\u00e1ln\u00e9m \u010dase, ka\u017ed\u00fd s kapacitou 30,7 kWh. Zvl\u00e1\u0161tn\u00ed d\u016fraz byl kladen na integraci a optimalizaci sd\u00edlen\u00e9ho v\u00fdrobn\u00edho za\u0159\u00edzen\u00ed (GEA).<\/p>\n<p><b>Co je to GEA?<\/b><\/p>\n<p>Sd\u00edlen\u00e9 v\u00fdrobn\u00ed za\u0159\u00edzen\u00ed (Gemeinschaftliche Erzeugungsanlage - GEA) umo\u017e\u0148uje v\u00edce u\u017eivatelsk\u00fdm jednotk\u00e1m - nap\u0159. byt\u016fm ve v\u00edcegenera\u010dn\u00edm dom\u011b - spole\u010dn\u011b vyu\u017e\u00edvat elekt\u0159inu vyrobenou centr\u00e1ln\u00edm fotovoltaick\u00fdm syst\u00e9mem. Nam\u00edsto pouh\u00e9ho dod\u00e1v\u00e1n\u00ed elekt\u0159iny do s\u00edt\u011b je energie distribuov\u00e1na lok\u00e1ln\u011b tam, kde je j\u00ed v dan\u00e9m okam\u017eiku zapot\u0159eb\u00ed. To v\u00fdrazn\u011b zvy\u0161uje vlastn\u00ed spot\u0159ebu a sni\u017euje dod\u00e1vky do ve\u0159ejn\u00e9 s\u00edt\u011b.<\/p>\n<p>Technicky je toho dosa\u017eeno prost\u0159ednictv\u00edm centr\u00e1ln\u00edho syst\u00e9mu \u0159\u00edzen\u00ed spot\u0159eby energie, kter\u00fd shroma\u017e\u010fuje \u00fadaje v re\u00e1ln\u00e9m \u010dase z inteligentn\u00edch m\u011b\u0159i\u010d\u016f provozovatele s\u00edt\u011b pro ka\u017edou jednotlivou jednotku. Sou\u010dasn\u011b se zohled\u0148uje aktu\u00e1ln\u00ed v\u00fdroba fotovoltaiky a stav nabit\u00ed bateri\u00ed. \u0158\u00eddic\u00ed jednotka REDUXI tyto informace analyzuje v re\u00e1ln\u00e9m \u010dase a \u0159\u00edd\u00ed distribuci energie s p\u0159esnost\u00ed druh\u00e9 \u00farovn\u011b: nejprve dod\u00e1v\u00e1 energii pro p\u0159\u00edmou spot\u0159ebu a pot\u00e9 nab\u00edj\u00ed baterie.<\/p>\n<p>GEA vych\u00e1zej\u00ed z definovan\u00fdch s\u00ed\u0165ov\u011b-technick\u00fdch a pr\u00e1vn\u00edch r\u00e1mc\u016f, jako je \u00a7 16a rakousk\u00e9ho z\u00e1kona o elektroenergetice (ElWOG). Metrologicky vyhovuj\u00edc\u00ed syst\u00e9m \u00fa\u010dtov\u00e1n\u00ed zaji\u0161\u0165uje, \u017ee ka\u017ed\u00e1 jednotka plat\u00ed pouze za svou skute\u010dnou spot\u0159ebu. P\u0159ebyte\u010dn\u00e1 energie se ukl\u00e1d\u00e1 nebo dod\u00e1v\u00e1 do s\u00edt\u011b na pom\u011brn\u00e9m z\u00e1klad\u011b.<\/p>\n<\/div><div class=\"fusion-image-element\" style=\"--awb-margin-top:10px;--awb-margin-bottom:10px;--awb-caption-title-font-family:var(--h2_typography-font-family);--awb-caption-title-font-weight:var(--h2_typography-font-weight);--awb-caption-title-font-style:var(--h2_typography-font-style);--awb-caption-title-size:var(--h2_typography-font-size);--awb-caption-title-transform:var(--h2_typography-text-transform);--awb-caption-title-line-height:var(--h2_typography-line-height);--awb-caption-title-letter-spacing:var(--h2_typography-letter-spacing);\"><span class=\"fusion-imageframe imageframe-none imageframe-2 hover-type-none fusion-animated\" data-animationtype=\"fadeIn\" data-animationduration=\"1.6\" data-animationoffset=\"top-into-view\"><img decoding=\"async\" width=\"1129\" height=\"1500\" title=\"1764250715470\" src=\"https:\/\/www.reduxi.eu\/wp-content\/uploads\/2026\/01\/1764250715470.png\" data-orig-src=\"https:\/\/www.reduxi.eu\/wp-content\/uploads\/2026\/01\/1764250715470.png\" alt class=\"lazyload img-responsive wp-image-7156\" srcset=\"data:image\/svg+xml,%3Csvg%20xmlns%3D%27http%3A%2F%2Fwww.w3.org%2F2000%2Fsvg%27%20width%3D%271129%27%20height%3D%271500%27%20viewBox%3D%270%200%201129%201500%27%3E%3Crect%20width%3D%271129%27%20height%3D%271500%27%20fill-opacity%3D%220%22%2F%3E%3C%2Fsvg%3E\" data-srcset=\"https:\/\/www.reduxi.eu\/wp-content\/uploads\/2026\/01\/1764250715470-200x266.png 200w, https:\/\/www.reduxi.eu\/wp-content\/uploads\/2026\/01\/1764250715470-400x531.png 400w, https:\/\/www.reduxi.eu\/wp-content\/uploads\/2026\/01\/1764250715470-600x797.png 600w, https:\/\/www.reduxi.eu\/wp-content\/uploads\/2026\/01\/1764250715470-800x1063.png 800w, https:\/\/www.reduxi.eu\/wp-content\/uploads\/2026\/01\/1764250715470.png 1129w\" data-sizes=\"auto\" data-orig-sizes=\"(max-width: 640px) 100vw, 1129px\" \/><\/span><\/div><div class=\"fusion-text fusion-text-4\"><p><b>Technick\u00e9 \u00fadaje o \u0159\u00eddic\u00edm syst\u00e9mu<\/b><\/p>\n<p>Kl\u00ed\u010dov\u00fdm prvkem projektu je zpracov\u00e1n\u00ed dat z inteligentn\u00edch m\u011b\u0159i\u010d\u016f provozovatele s\u00edt\u011b v re\u00e1ln\u00e9m \u010dase prost\u0159ednictv\u00edm nov\u00e9ho za\u0159\u00edzen\u00ed Reduxi P1 Ultra. \u0158\u00eddic\u00ed jednotka REDUXI vyu\u017e\u00edv\u00e1 tato data k flexibiln\u00edmu \u0159\u00edzen\u00ed cel\u00e9ho syst\u00e9mu podle popt\u00e1vky - v z\u00e1vislosti na spot\u0159eb\u011b, denn\u00ed dob\u011b a v\u00fdrob\u011b fotovoltaick\u00fdch panel\u016f.<\/p>\n<p>Zvl\u00e1\u0161tn\u00ed pozornost si zaslou\u017e\u00ed no\u010dn\u00ed vyb\u00edjen\u00ed bateri\u00ed:<\/p>\n<p>\u201cI kdy\u017e nen\u00ed k dispozici \u017e\u00e1dn\u00e1 fotovoltaick\u00e1 v\u00fdroba, syst\u00e9m zaji\u0161\u0165uje spravedliv\u00e9 a efektivn\u00ed dod\u00e1vky. V tomto p\u0159\u00edpad\u011b se poda\u0159ilo zv\u00fd\u0161it m\u00edru sob\u011bsta\u010dnosti z p\u0159ibli\u017en\u011b 35 % (pouze FV) na p\u0159ibli\u017en\u011b 70 % - v\u00fdhradn\u011b d\u00edky kombinaci bateriov\u00e9ho \u00falo\u017ei\u0161t\u011b a inteligentn\u00ed distribuce v r\u00e1mci GEA,\u201d s hrdost\u00ed uv\u00e1d\u00ed Johann Lom\u0161ek, gener\u00e1ln\u00ed \u0159editel spole\u010dnosti Reduxi DACH GmbH.<\/p>\n<p>Instalaci provedla spole\u010dnost ELKOtec Smart Energy GmbH. Jednatel spole\u010dnosti Ing. Werner Konrad zd\u016fraz\u0148uje:<\/p>\n<p>\u201cIntegrace byla technicky n\u00e1ro\u010dn\u00e1, ale v\u00fdsledek ukazuje, co je dnes ji\u017e mo\u017en\u00e9. \u0158e\u0161en\u00ed je odoln\u00e9 v\u016f\u010di budoucnosti a \u0161k\u00e1lovateln\u00e9. Pro n\u00e1s jako dodavatele \u0159e\u0161en\u00ed to p\u0159edstavuje dal\u0161\u00ed miln\u00edk v tom, jak u\u010dinit syst\u00e9my bateriov\u00fdch \u00falo\u017ei\u0161\u0165 je\u0161t\u011b chyt\u0159ej\u0161\u00edmi.\u201d<\/p>\n<\/div><div class=\"fusion-image-element\" style=\"--awb-margin-top:10px;--awb-margin-bottom:10px;--awb-caption-title-font-family:var(--h2_typography-font-family);--awb-caption-title-font-weight:var(--h2_typography-font-weight);--awb-caption-title-font-style:var(--h2_typography-font-style);--awb-caption-title-size:var(--h2_typography-font-size);--awb-caption-title-transform:var(--h2_typography-text-transform);--awb-caption-title-line-height:var(--h2_typography-line-height);--awb-caption-title-letter-spacing:var(--h2_typography-letter-spacing);\"><span class=\"fusion-imageframe imageframe-none imageframe-3 hover-type-none fusion-animated\" data-animationtype=\"fadeInLeft\" data-animationduration=\"1.6\" data-animationoffset=\"top-into-view\"><img decoding=\"async\" width=\"1417\" height=\"872\" title=\"1764253737472\" src=\"https:\/\/www.reduxi.eu\/wp-content\/uploads\/2026\/01\/1764253737472.png\" data-orig-src=\"https:\/\/www.reduxi.eu\/wp-content\/uploads\/2026\/01\/1764253737472.png\" alt class=\"lazyload img-responsive wp-image-7157\" srcset=\"data:image\/svg+xml,%3Csvg%20xmlns%3D%27http%3A%2F%2Fwww.w3.org%2F2000%2Fsvg%27%20width%3D%271417%27%20height%3D%27872%27%20viewBox%3D%270%200%201417%20872%27%3E%3Crect%20width%3D%271417%27%20height%3D%27872%27%20fill-opacity%3D%220%22%2F%3E%3C%2Fsvg%3E\" data-srcset=\"https:\/\/www.reduxi.eu\/wp-content\/uploads\/2026\/01\/1764253737472-200x123.png 200w, https:\/\/www.reduxi.eu\/wp-content\/uploads\/2026\/01\/1764253737472-400x246.png 400w, https:\/\/www.reduxi.eu\/wp-content\/uploads\/2026\/01\/1764253737472-600x369.png 600w, https:\/\/www.reduxi.eu\/wp-content\/uploads\/2026\/01\/1764253737472-800x492.png 800w, https:\/\/www.reduxi.eu\/wp-content\/uploads\/2026\/01\/1764253737472-1200x738.png 1200w, https:\/\/www.reduxi.eu\/wp-content\/uploads\/2026\/01\/1764253737472.png 1417w\" data-sizes=\"auto\" data-orig-sizes=\"(max-width: 640px) 100vw, 1417px\" \/><\/span><\/div><div class=\"fusion-text fusion-text-5\"><p><b>Instalace a \u00fa\u010dastn\u00edci projektu<\/b><\/p>\n<p>\u0158\u00eddic\u00ed jednotka REDUXI byla spolu s branami a p\u0159evodn\u00edky nainstalov\u00e1na do rozv\u00e1d\u011b\u010de. Byly integrov\u00e1ny bateriov\u00e9 syst\u00e9my M-TEC a elektrom\u011bry, kter\u00e9 byly p\u0159ipojeny k monitorov\u00e1n\u00ed. Krom\u011b toho byly inteligentn\u00ed elektrom\u011bry provozovatele s\u00edt\u011b nakonfigurov\u00e1ny pro datovou komunikaci prost\u0159ednictv\u00edm rozhran\u00ed P1. K tomuto \u00fa\u010delu byl pou\u017eit p\u0159evodn\u00edk Reduxi P1 Ultra, kter\u00fd bezprobl\u00e9mov\u011b p\u0159en\u00e1\u0161\u00ed data z inteligentn\u00edch m\u011b\u0159i\u010d\u016f do \u0159\u00eddic\u00ed jednotky. Technickou podporu poskytoval Alex z t\u00fdmu REDUXI DACH.<\/p>\n<p><b>Zaji\u0161t\u011bn\u00ed budoucnosti prost\u0159ednictv\u00edm vzd\u00e1len\u00e9ho p\u0159\u00edstupu<\/b><\/p>\n<p>Prost\u0159ednictv\u00edm slu\u017eby REDUXI Cloud je k dispozici pln\u00fd vzd\u00e1len\u00fd p\u0159\u00edstup k syst\u00e9mu spr\u00e1vy energie - nez\u00e1visle na m\u00edst\u011b a v re\u00e1ln\u00e9m \u010dase. Monitorov\u00e1n\u00ed, diagnostiku poruch, aktualizace softwaru a \u00fapravy konfigurace lze prov\u00e1d\u011bt kdykoli na d\u00e1lku, ani\u017e by bylo nutn\u00e9, aby byl na m\u00edst\u011b p\u0159\u00edtomen technik.<\/p>\n<p>To nejen \u0161et\u0159\u00ed \u010das a provozn\u00ed n\u00e1klady, ale tak\u00e9 v\u00fdrazn\u011b zvy\u0161uje rychlost reakce p\u0159i optimalizaci nebo v\u00fdskytu probl\u00e9m\u016f. Zejm\u00e9na u slo\u017eit\u011bj\u0161\u00edch instalac\u00ed s v\u00edce gener\u00e1tory, akumula\u010dn\u00edmi syst\u00e9my a spot\u0159ebi\u010di p\u0159edstavuje tento digit\u00e1ln\u00ed p\u0159\u00edstup rozhoduj\u00edc\u00ed v\u00fdhodu - pro provozovatele, instalat\u00e9ry i obyvatele.<\/p>\n<p>\u201cS\u00edla na\u0161eho syst\u00e9mu spo\u010d\u00edv\u00e1 v d\u016fsledn\u00e9 optimalizaci v re\u00e1ln\u00e9m \u010dase. Reduxi kombinuje energetick\u00fd management s okam\u017eitou odezvou a bezprobl\u00e9mov\u011b podporuje jak struktury GEA, tak energetick\u00e9 komunity - co\u017e n\u00e1s stav\u00ed o technologick\u00fd krok vp\u0159ed,\u201d \u0159\u00edk\u00e1 Johann Lom\u0161ek, gener\u00e1ln\u00ed \u0159editel spole\u010dnosti Reduxi DACH GmbH.<\/p>\n<\/div><div class=\"fusion-image-element\" style=\"--awb-margin-top:10px;--awb-margin-bottom:10px;--awb-caption-title-font-family:var(--h2_typography-font-family);--awb-caption-title-font-weight:var(--h2_typography-font-weight);--awb-caption-title-font-style:var(--h2_typography-font-style);--awb-caption-title-size:var(--h2_typography-font-size);--awb-caption-title-transform:var(--h2_typography-text-transform);--awb-caption-title-line-height:var(--h2_typography-line-height);--awb-caption-title-letter-spacing:var(--h2_typography-letter-spacing);\"><span class=\"fusion-imageframe imageframe-none imageframe-4 hover-type-none fusion-animated\" data-animationtype=\"fadeInRight\" data-animationduration=\"1.6\" data-animationoffset=\"top-into-view\"><img decoding=\"async\" width=\"1328\" height=\"1000\" title=\"1764250663956\" src=\"https:\/\/www.reduxi.eu\/wp-content\/uploads\/2026\/01\/1764250663956.jpg\" data-orig-src=\"https:\/\/www.reduxi.eu\/wp-content\/uploads\/2026\/01\/1764250663956.jpg\" alt class=\"lazyload img-responsive wp-image-7158\" srcset=\"data:image\/svg+xml,%3Csvg%20xmlns%3D%27http%3A%2F%2Fwww.w3.org%2F2000%2Fsvg%27%20width%3D%271328%27%20height%3D%271000%27%20viewBox%3D%270%200%201328%201000%27%3E%3Crect%20width%3D%271328%27%20height%3D%271000%27%20fill-opacity%3D%220%22%2F%3E%3C%2Fsvg%3E\" data-srcset=\"https:\/\/www.reduxi.eu\/wp-content\/uploads\/2026\/01\/1764250663956-200x151.jpg 200w, https:\/\/www.reduxi.eu\/wp-content\/uploads\/2026\/01\/1764250663956-400x301.jpg 400w, https:\/\/www.reduxi.eu\/wp-content\/uploads\/2026\/01\/1764250663956-600x452.jpg 600w, https:\/\/www.reduxi.eu\/wp-content\/uploads\/2026\/01\/1764250663956-800x602.jpg 800w, https:\/\/www.reduxi.eu\/wp-content\/uploads\/2026\/01\/1764250663956-1200x904.jpg 1200w, https:\/\/www.reduxi.eu\/wp-content\/uploads\/2026\/01\/1764250663956.jpg 1328w\" data-sizes=\"auto\" data-orig-sizes=\"(max-width: 640px) 100vw, 1328px\" \/><\/span><\/div><div class=\"fusion-text fusion-text-6\"><p><span style=\"background-color: rgba(0, 0, 0, 0);\">Tento projekt ukazuje, jak lze spole\u010dn\u011b vyrobenou elekt\u0159inu distribuovat efektivn\u011b a spravedliv\u011b - s hmatateln\u00fdm dopadem na vlastn\u00ed spot\u0159ebu, stabilitu s\u00edt\u011b a nez\u00e1vislost na trhu s elekt\u0159inou. D\u00edky kombinaci GEA, inteligentn\u00edho \u0159\u00edzen\u00ed a bateriov\u00e9ho \u00falo\u017ei\u0161t\u011b jsou modern\u00ed energetick\u00e9 koncepty v budov\u00e1ch pro v\u00edce rodin prakticky realizovateln\u00e9 ji\u017e dnes.<\/span><\/p>\n<\/div><\/div><\/div><\/div><\/div>","protected":false},"excerpt":{"rendered":"","protected":false},"author":15,"featured_media":0,"parent":0,"menu_order":0,"comment_status":"closed","ping_status":"closed","template":"100-width.php","meta":{"footnotes":""},"class_list":["post-7152","page","type-page","status-publish","hentry"],"_links":{"self":[{"href":"https:\/\/www.reduxi.eu\/cs\/wp-json\/wp\/v2\/pages\/7152","targetHints":{"allow":["GET"]}}],"collection":[{"href":"https:\/\/www.reduxi.eu\/cs\/wp-json\/wp\/v2\/pages"}],"about":[{"href":"https:\/\/www.reduxi.eu\/cs\/wp-json\/wp\/v2\/types\/page"}],"author":[{"embeddable":true,"href":"https:\/\/www.reduxi.eu\/cs\/wp-json\/wp\/v2\/users\/15"}],"replies":[{"embeddable":true,"href":"https:\/\/www.reduxi.eu\/cs\/wp-json\/wp\/v2\/comments?post=7152"}],"version-history":[{"count":4,"href":"https:\/\/www.reduxi.eu\/cs\/wp-json\/wp\/v2\/pages\/7152\/revisions"}],"predecessor-version":[{"id":7190,"href":"https:\/\/www.reduxi.eu\/cs\/wp-json\/wp\/v2\/pages\/7152\/revisions\/7190"}],"wp:attachment":[{"href":"https:\/\/www.reduxi.eu\/cs\/wp-json\/wp\/v2\/media?parent=7152"}],"curies":[{"name":"wp","href":"https:\/\/api.w.org\/{rel}","templated":true}]}}